{"id":4402,"date":"2018-10-12T07:41:01","date_gmt":"2018-10-12T05:41:01","guid":{"rendered":"https:\/\/www.montevento.net\/?page_id=4402"},"modified":"2023-02-08T11:33:37","modified_gmt":"2023-02-08T10:33:37","slug":"bernese-mountain-dog-puppies","status":"publish","type":"page","link":"https:\/\/www.montevento.net\/en\/bernese-mountain-dog-puppies\/","title":{"rendered":"Bernese Mountain Dog Litters"},"content":{"rendered":"\n<style type=\"text\/css\" data-created_by=\"avia_inline_auto\" id=\"style-css-av-1k07o4i-e213a0fc9f5eb340bba25e1dbc029d7f\">\n.avia-section.av-1k07o4i-e213a0fc9f5eb340bba25e1dbc029d7f{\nbackground-repeat:no-repeat;\nbackground-image:url(https:\/\/www.montevento.net\/wp-content\/uploads\/2018\/02\/bovaro-del-bernese_13-1024x423.jpg);\nbackground-position:50% 50%;\nbackground-attachment:scroll;\n}\n.avia-section.av-1k07o4i-e213a0fc9f5eb340bba25e1dbc029d7f .av-section-color-overlay{\nopacity:0.3;\nbackground-color:#000000;\n}\n<\/style>\n<div id='av_section_1'  class='avia-section av-1k07o4i-e213a0fc9f5eb340bba25e1dbc029d7f main_color avia-section-default avia-no-border-styling  avia-builder-el-0  el_before_av_two_fifth  avia-builder-el-first  avia-full-stretch avia-bg-style-scroll av-section-color-overlay-active av-minimum-height av-minimum-height-50 av-height-50  container_wrap sidebar_right'  data-section-bg-repeat='stretch' data-av_minimum_height_pc='50' data-av_min_height_opt='50'><div class=\"av-section-color-overlay-wrap\"><div class=\"av-section-color-overlay\"><\/div><div class='container av-section-cont-open' ><main  role=\"main\" itemprop=\"mainContentOfPage\"  class='template-page content  av-content-small alpha units'><div class='post-entry post-entry-type-page post-entry-4402'><div class='entry-content-wrapper clearfix'>\n\n<style type=\"text\/css\" data-created_by=\"avia_inline_auto\" id=\"style-css-av-jn5l3ves-db580fbfc1201049e1baeb89c89cc84a\">\n#top .av-special-heading.av-jn5l3ves-db580fbfc1201049e1baeb89c89cc84a{\npadding-bottom:10px;\ncolor:#ffffff;\n}\nbody .av-special-heading.av-jn5l3ves-db580fbfc1201049e1baeb89c89cc84a .av-special-heading-tag .heading-char{\nfont-size:25px;\n}\n.av-special-heading.av-jn5l3ves-db580fbfc1201049e1baeb89c89cc84a .special-heading-inner-border{\nborder-color:#ffffff;\n}\n.av-special-heading.av-jn5l3ves-db580fbfc1201049e1baeb89c89cc84a .av-subheading{\nfont-size:20px;\n}\n<\/style>\n<div  class='av-special-heading av-jn5l3ves-db580fbfc1201049e1baeb89c89cc84a av-special-heading-h1 custom-color-heading blockquote modern-quote  avia-builder-el-1  avia-builder-el-no-sibling '><h1 class='av-special-heading-tag '  itemprop=\"headline\"  >Bernese Mountain Dog Puppies<\/h1><div class='av_custom_color av-subheading av-subheading_below'><p>Bernese Mountain Dog puppy plan<\/p>\n<\/div><div class=\"special-heading-border\"><div class=\"special-heading-inner-border\"><\/div><\/div><\/div>\n<\/div><\/div><\/main><!-- close content main element --><\/div><\/div><\/div><div id='after_section_1'  class='main_color av_default_container_wrap container_wrap sidebar_right'  ><div class='container av-section-cont-open' ><div class='template-page content  av-content-small alpha units'><div class='post-entry post-entry-type-page post-entry-4402'><div class='entry-content-wrapper clearfix'>\n<div class='flex_column_table av-1foothe-ed4ba72f2ebdefe2bab8cbcd481d1c99 sc-av_two_fifth av-equal-height-column-flextable'>\n<style type=\"text\/css\" data-created_by=\"avia_inline_auto\" id=\"style-css-av-1foothe-ed4ba72f2ebdefe2bab8cbcd481d1c99\">\n#top .flex_column_table.av-equal-height-column-flextable.av-1foothe-ed4ba72f2ebdefe2bab8cbcd481d1c99{\nmargin-top:-90px;\nmargin-bottom:0px;\n}\n.flex_column.av-1foothe-ed4ba72f2ebdefe2bab8cbcd481d1c99{\nborder-radius:0px 0px 0px 0px;\npadding:30px 30px 30px 30px;\nbackground-color:#ffffff;\n}\n<\/style>\n<div  class='flex_column av-1foothe-ed4ba72f2ebdefe2bab8cbcd481d1c99 av_two_fifth  avia-builder-el-2  el_after_av_section  el_before_av_three_fifth  avia-builder-el-first  first no_margin flex_column_table_cell av-equal-height-column av-align-top  '     ><p>\n<style type=\"text\/css\" data-created_by=\"avia_inline_auto\" id=\"style-css-av-1yfo9e-4e32a0aeee61bf652ceec1fb1fb3f64a\">\n#top .av-special-heading.av-1yfo9e-4e32a0aeee61bf652ceec1fb1fb3f64a{\npadding-bottom:10px;\n}\nbody .av-special-heading.av-1yfo9e-4e32a0aeee61bf652ceec1fb1fb3f64a .av-special-heading-tag .heading-char{\nfont-size:25px;\n}\n.av-special-heading.av-1yfo9e-4e32a0aeee61bf652ceec1fb1fb3f64a .av-subheading{\nfont-size:15px;\n}\n<\/style>\n<div  class='av-special-heading av-1yfo9e-4e32a0aeee61bf652ceec1fb1fb3f64a av-special-heading-h2  avia-builder-el-3  el_before_av_image  avia-builder-el-first '><h2 class='av-special-heading-tag '  itemprop=\"headline\"  >Puppy plan<\/h2><div class=\"special-heading-border\"><div class=\"special-heading-inner-border\"><\/div><\/div><\/div><br \/>\n\n<style type=\"text\/css\" data-created_by=\"avia_inline_auto\" id=\"style-css-av-4xlwc2-008196e0b22773e086243aad409f60e0\">\n.avia-image-container.av-4xlwc2-008196e0b22773e086243aad409f60e0 img.avia_image{\nbox-shadow:none;\n}\n.avia-image-container.av-4xlwc2-008196e0b22773e086243aad409f60e0 .av-image-caption-overlay-center{\ncolor:#ffffff;\n}\n<\/style>\n<div  class='avia-image-container av-4xlwc2-008196e0b22773e086243aad409f60e0 av-styling- avia-align-center  avia-builder-el-4  el_after_av_heading  avia-builder-el-last '   itemprop=\"image\" itemscope=\"itemscope\" itemtype=\"https:\/\/schema.org\/ImageObject\" ><div class=\"avia-image-container-inner\"><div class=\"avia-image-overlay-wrap\"><img decoding=\"async\" fetchpriority=\"high\" class=\"wp-image-4374 avia-img-lazy-loading-not-4374 avia_image \" src=\"https:\/\/www.montevento.net\/wp-content\/uploads\/2013\/04\/IMG_3182-495x400.jpg\" alt=\"\" title=\"Cuccioli Bovaro del bernese Montevento\" height=\"400\" width=\"495\" itemprop=\"thumbnailUrl\" srcset=\"https:\/\/www.montevento.net\/wp-content\/uploads\/2013\/04\/IMG_3182-495x400.jpg 495w, https:\/\/www.montevento.net\/wp-content\/uploads\/2013\/04\/IMG_3182-845x684.jpg 845w\" sizes=\"(max-width: 495px) 100vw, 495px\"><\/div><\/div><\/div><\/p><\/div>\n<style type=\"text\/css\" data-created_by=\"avia_inline_auto\" id=\"style-css-av-w6um5e-c2a391fca3f2f7402e6e368593065c93\">\n#top .flex_column_table.av-equal-height-column-flextable.av-w6um5e-c2a391fca3f2f7402e6e368593065c93{\nmargin-top:-90px;\nmargin-bottom:0px;\n}\n.flex_column.av-w6um5e-c2a391fca3f2f7402e6e368593065c93{\nborder-radius:0px 0px 0px 0px;\npadding:30px 30px 30px 30px;\nbackground-color:#f9f9f9;\n}\n<\/style>\n<div  class='flex_column av-w6um5e-c2a391fca3f2f7402e6e368593065c93 av_three_fifth  avia-builder-el-5  el_after_av_two_fifth  el_before_av_section  avia-builder-el-last  no_margin flex_column_table_cell av-equal-height-column av-align-top  '     ><p>\n<style type=\"text\/css\" data-created_by=\"avia_inline_auto\" id=\"style-css-av-jn5l0tvq-1654ae00e7549fdd95d6f00672e0a4f4\">\n#top .av-special-heading.av-jn5l0tvq-1654ae00e7549fdd95d6f00672e0a4f4{\npadding-bottom:10px;\n}\nbody .av-special-heading.av-jn5l0tvq-1654ae00e7549fdd95d6f00672e0a4f4 .av-special-heading-tag .heading-char{\nfont-size:25px;\n}\n.av-special-heading.av-jn5l0tvq-1654ae00e7549fdd95d6f00672e0a4f4 .av-subheading{\nfont-size:15px;\n}\n<\/style>\n<div  class='av-special-heading av-jn5l0tvq-1654ae00e7549fdd95d6f00672e0a4f4 av-special-heading-h3  avia-builder-el-6  el_before_av_textblock  avia-builder-el-first '><h3 class='av-special-heading-tag '  itemprop=\"headline\"  >Request information<\/h3><div class=\"special-heading-border\"><div class=\"special-heading-inner-border\"><\/div><\/div><\/div><br \/>\n<section  class='av_textblock_section av-tf00aa-05e3fe00c95ec8f32c55a4e63c15348f '   itemscope=\"itemscope\" itemtype=\"https:\/\/schema.org\/CreativeWork\" ><div class='avia_textblock'  itemprop=\"text\" ><blockquote>\n<p>For a quick answer call us at +39 360 69 75 34<\/p>\n<\/blockquote>\n<p>We prefer to be contacted by phone and not by email, in order to have direct contact and to know the people interested in our dogs.<\/p>\n<p>E-mail, social media and messages are privileged for foreign.<\/p>\n<\/div><\/section><br \/>\n<section  class='av_textblock_section av-rc4qyq-4863879b0482ee0e3ee0adfb1ee86ac9 '   itemscope=\"itemscope\" itemtype=\"https:\/\/schema.org\/CreativeWork\" ><div class='avia_textblock'  itemprop=\"text\" ><p>\n<style type=\"text\/css\" data-created_by=\"avia_inline_auto\" id=\"style-css-av-qc1vpe-2a6b7c2be26efae10df30aeb2b817c5b\">\n.av_font_icon.av-qc1vpe-2a6b7c2be26efae10df30aeb2b817c5b .av-icon-char{\nfont-size:20px;\nline-height:20px;\n}\n<\/style>\n<span  class='av_font_icon av-qc1vpe-2a6b7c2be26efae10df30aeb2b817c5b avia_animate_when_visible av-icon-style- avia-icon-pos-left avia-iconfont avia-font-entypo-fontello av-no-color avia-icon-animate'><span class='av-icon-char' data-av_icon='\ue842' data-av_iconfont='entypo-fontello' aria-hidden=\"true\" ><\/span><\/span>Via Karol Wojtyla, 19<br \/>\n46047 Porto Mantovano (MN) ITALY<\/p>\n<p>\n<style type=\"text\/css\" data-created_by=\"avia_inline_auto\" id=\"style-css-av-2cozo2-20ee9e46d3c160023da2a1cbdd881596\">\n.av_font_icon.av-2cozo2-20ee9e46d3c160023da2a1cbdd881596 .av-icon-char{\nfont-size:20px;\nline-height:20px;\n}\n<\/style>\n<span  class='av_font_icon av-2cozo2-20ee9e46d3c160023da2a1cbdd881596 avia_animate_when_visible av-icon-style- avia-icon-pos-left avia-iconfont avia-font-entypo-fontello av-no-color avia-icon-animate'><span class='av-icon-char' data-av_icon='\ue8ac' data-av_iconfont='entypo-fontello' aria-hidden=\"true\" ><\/span><\/span><strong>Dott. Castellani<\/strong> +39 360 697 534<\/p>\n<p>\n<style type=\"text\/css\" data-created_by=\"avia_inline_auto\" id=\"style-css-av-mpb39e-ad2dd72acf50a5b5f58b9e834f0ad283\">\n.av_font_icon.av-mpb39e-ad2dd72acf50a5b5f58b9e834f0ad283 .av-icon-char{\nfont-size:20px;\nline-height:20px;\n}\n<\/style>\n<span  class='av_font_icon av-mpb39e-ad2dd72acf50a5b5f58b9e834f0ad283 avia_animate_when_visible av-icon-style- avia-icon-pos-left avia-iconfont avia-font-entypo-fontello av-no-color avia-icon-animate'><span class='av-icon-char' data-av_icon='\ue805' data-av_iconfont='entypo-fontello' aria-hidden=\"true\" ><\/span><\/span>info@montevento.net<\/p>\n<\/div><\/section><br \/>\n\n<style type=\"text\/css\" data-created_by=\"avia_inline_auto\" id=\"style-css-av-jn5l0coq-9bee4b8790ba4ddf9fe4369192ec2368\">\n#top .av-special-heading.av-jn5l0coq-9bee4b8790ba4ddf9fe4369192ec2368{\npadding-bottom:10px;\n}\nbody .av-special-heading.av-jn5l0coq-9bee4b8790ba4ddf9fe4369192ec2368 .av-special-heading-tag .heading-char{\nfont-size:25px;\n}\n.av-special-heading.av-jn5l0coq-9bee4b8790ba4ddf9fe4369192ec2368 .av-subheading{\nfont-size:15px;\n}\n<\/style>\n<div  class='av-special-heading av-jn5l0coq-9bee4b8790ba4ddf9fe4369192ec2368 av-special-heading-h3  avia-builder-el-12  el_after_av_textblock  el_before_av_testimonials '><h3 class='av-special-heading-tag '  itemprop=\"headline\"  >Testimonials<\/h3><div class=\"special-heading-border\"><div class=\"special-heading-inner-border\"><\/div><\/div><\/div><br \/>\n<div  class='avia-testimonial-wrapper av-iswndu-56004016cbf3bda248d5f0a81e1d563a avia-slider-testimonials avia-slider-2-testimonials avia_animate_when_almost_visible av-slideshow-ui av-control-default av-slider-hover-pause av-slideshow-autoplay av-loop-endless av-loop-manual-endless' data-slideshow-options=\"{&quot;animation&quot;:&quot;fade&quot;,&quot;autoplay&quot;:true,&quot;loop_autoplay&quot;:&quot;endless&quot;,&quot;interval&quot;:5,&quot;loop_manual&quot;:&quot;manual-endless&quot;,&quot;autoplay_stopper&quot;:false,&quot;noNavigation&quot;:false,&quot;bg_slider&quot;:false,&quot;keep_padding&quot;:&quot;&quot;,&quot;hoverpause&quot;:true,&quot;show_slide_delay&quot;:0}\">\n<section class=\"avia-testimonial-row\"><div class='avia-testimonial av-gzwyzm-642c5b173c958887730febf0942fc6c6 avia-testimonial-row-1 avia-first-testimonial flex_column no_margin av_one_half'><div class='avia-testimonial_inner'  itemscope=\"itemscope\" itemtype=\"https:\/\/schema.org\/CreativeWork\" ><div class='avia-testimonial-content '><div class='avia-testimonial-markup-entry-content'  itemprop=\"text\" ><p>Tutto \u00e8 iniziato da un colpo di fulmine con la nostra cucciola che si \u00e8 trasformato in pochi giorni un vero amore: cagnolotta splendida in tutti i sensi. Un Grazie alla Sig.ra Cristina per la disponibilit\u00e0 dimostrata prima e dopo l\u2019arrivo a casa della nostra cucciola. Super like !!<\/p>\n<\/div><\/div><div class=\"avia-testimonial-meta\"><div class=\"avia-testimonial-arrow-wrap\"><div class=\"avia-arrow\"><\/div><\/div><div class='avia-testimonial-image'  itemprop=\"image\" ><img loading=\"lazy\" decoding=\"async\" width=\"180\" height=\"180\" src=\"https:\/\/www.montevento.net\/wp-content\/uploads\/2018\/02\/bovaro-del-bernese_11-180x180.jpg\" class=\"attachment-square size-square\" alt=\"Bovaro del bernese mantova\" srcset=\"https:\/\/www.montevento.net\/wp-content\/uploads\/2018\/02\/bovaro-del-bernese_11-180x180.jpg 180w, https:\/\/www.montevento.net\/wp-content\/uploads\/2018\/02\/bovaro-del-bernese_11-80x80.jpg 80w, https:\/\/www.montevento.net\/wp-content\/uploads\/2018\/02\/bovaro-del-bernese_11-36x36.jpg 36w, https:\/\/www.montevento.net\/wp-content\/uploads\/2018\/02\/bovaro-del-bernese_11-120x120.jpg 120w, https:\/\/www.montevento.net\/wp-content\/uploads\/2018\/02\/bovaro-del-bernese_11-450x450.jpg 450w\" sizes=\"auto, (max-width: 180px) 100vw, 180px\" title=\"\"><\/div><div class='avia-testimonial-meta-mini'  itemprop=\"author\" itemscope=\"itemscope\" itemtype=\"https:\/\/schema.org\/Person\" ><strong  class='avia-testimonial-name'  itemprop=\"name\" >Giulia, Francesco e Ludovica<\/strong><span  class='avia-testimonial-subtitle '  itemprop=\"jobTitle\" >Vaschieri<\/span><\/div><\/div><\/div><\/div>\n<div class='avia-testimonial av-fwq08i-7395123ed460596ab16cd311f53cd133 avia-testimonial-row-1 flex_column no_margin av_one_half'><div class='avia-testimonial_inner'  itemscope=\"itemscope\" itemtype=\"https:\/\/schema.org\/CreativeWork\" ><div class='avia-testimonial-content '><div class='avia-testimonial-markup-entry-content'  itemprop=\"text\" ><p>Ciao Cristina,volevo complimentarmi con te per i due splendidi esemplari di cane che mi hai dato, docili, di buon carattere e sopratutto da te molto ben cresciuti. Stanno riempiendo di soddisfazioni me e la mia famiglia. Un enorme grazie!<\/p>\n<\/div><\/div><div class=\"avia-testimonial-meta\"><div class=\"avia-testimonial-arrow-wrap\"><div class=\"avia-arrow\"><\/div><\/div><div class='avia-testimonial-image'  itemprop=\"image\" ><img loading=\"lazy\" decoding=\"async\" width=\"180\" height=\"180\" src=\"https:\/\/www.montevento.net\/wp-content\/uploads\/2017\/10\/anastasia_ok-180x180.jpg\" class=\"attachment-square size-square\" alt=\"Montevento\u2019s Anastasia\" srcset=\"https:\/\/www.montevento.net\/wp-content\/uploads\/2017\/10\/anastasia_ok-180x180.jpg 180w, https:\/\/www.montevento.net\/wp-content\/uploads\/2017\/10\/anastasia_ok-80x80.jpg 80w, https:\/\/www.montevento.net\/wp-content\/uploads\/2017\/10\/anastasia_ok-36x36.jpg 36w, https:\/\/www.montevento.net\/wp-content\/uploads\/2017\/10\/anastasia_ok-120x120.jpg 120w, https:\/\/www.montevento.net\/wp-content\/uploads\/2017\/10\/anastasia_ok-450x450.jpg 450w\" sizes=\"auto, (max-width: 180px) 100vw, 180px\" title=\"\"><\/div><div class='avia-testimonial-meta-mini'  itemprop=\"author\" itemscope=\"itemscope\" itemtype=\"https:\/\/schema.org\/Person\" ><strong  class='avia-testimonial-name'  itemprop=\"name\" >Davide<\/strong><span  class='avia-testimonial-subtitle '  itemprop=\"jobTitle\" >Desiderati<\/span><\/div><\/div><\/div><\/div>\n<div class='avia-testimonial av-era0te-98b93707378594a09ea6e541dc0b0405 avia-testimonial-row-1 flex_column no_margin av_one_half'><div class='avia-testimonial_inner'  itemscope=\"itemscope\" itemtype=\"https:\/\/schema.org\/CreativeWork\" ><div class='avia-testimonial-content '><div class='avia-testimonial-markup-entry-content'  itemprop=\"text\" ><p>Carissima, desidero esprimere con profonda soddisfazione quanto i Suoi bellissimi cani mi abbiano gratificato e per l&#8217;intelligenza quanto per l&#8217;affetto di cui sono capaci. Non faccio a tempo ad arrivare a casa dal lavoro che gi\u00e0 sentono il mio arrivo e si preparano ad accogliermi con fierezza e&#8230;lascio immaginare il seguito. Grazie di cuore.<\/p>\n<\/div><\/div><div class=\"avia-testimonial-meta\"><div class=\"avia-testimonial-arrow-wrap\"><div class=\"avia-arrow\"><\/div><\/div><div class='avia-testimonial-image'  itemprop=\"image\" ><img loading=\"lazy\" decoding=\"async\" width=\"180\" height=\"180\" src=\"https:\/\/www.montevento.net\/wp-content\/uploads\/2017\/10\/agrippa-1-180x180.jpg\" class=\"attachment-square size-square\" alt=\"\" srcset=\"https:\/\/www.montevento.net\/wp-content\/uploads\/2017\/10\/agrippa-1-180x180.jpg 180w, https:\/\/www.montevento.net\/wp-content\/uploads\/2017\/10\/agrippa-1-80x80.jpg 80w, https:\/\/www.montevento.net\/wp-content\/uploads\/2017\/10\/agrippa-1-36x36.jpg 36w, https:\/\/www.montevento.net\/wp-content\/uploads\/2017\/10\/agrippa-1-120x120.jpg 120w, https:\/\/www.montevento.net\/wp-content\/uploads\/2017\/10\/agrippa-1-450x450.jpg 450w\" sizes=\"auto, (max-width: 180px) 100vw, 180px\" title=\"\"><\/div><div class='avia-testimonial-meta-mini'  itemprop=\"author\" itemscope=\"itemscope\" itemtype=\"https:\/\/schema.org\/Person\" ><strong  class='avia-testimonial-name'  itemprop=\"name\" >Gaetano<\/strong><span  class='avia-testimonial-subtitle '  itemprop=\"jobTitle\" >Prati<\/span><\/div><\/div><\/div><\/div>\n<div class='avia-testimonial av-brsf9e-449877738c5c790c67d2fa78d993e912 avia-testimonial-row-1 flex_column no_margin av_one_half'><div class='avia-testimonial_inner'  itemscope=\"itemscope\" itemtype=\"https:\/\/schema.org\/CreativeWork\" ><div class='avia-testimonial-content '><div class='avia-testimonial-markup-entry-content'  itemprop=\"text\" ><p>Se il tuo sogno \u00e8 quello di avere un Terranova, questo \u00e8 il posto giusto: troverai esemplari di straordinaria bellezza e intelligenza. Cristina un\u2019allevatrice molto professionale ti accompagna nella scelta ed \u00e8 disponibile a darti consigli anche successivamente all\u2019acquisto &#8230;e questo non \u00e8 da tutti.<\/p>\n<\/div><\/div><div class=\"avia-testimonial-meta\"><div class=\"avia-testimonial-arrow-wrap\"><div class=\"avia-arrow\"><\/div><\/div><div class='avia-testimonial-image'  itemprop=\"image\" ><img loading=\"lazy\" decoding=\"async\" width=\"180\" height=\"180\" src=\"https:\/\/www.montevento.net\/wp-content\/uploads\/2017\/10\/isotta_ok-180x180.jpg\" class=\"attachment-square size-square\" alt=\"\" srcset=\"https:\/\/www.montevento.net\/wp-content\/uploads\/2017\/10\/isotta_ok-180x180.jpg 180w, https:\/\/www.montevento.net\/wp-content\/uploads\/2017\/10\/isotta_ok-80x80.jpg 80w, https:\/\/www.montevento.net\/wp-content\/uploads\/2017\/10\/isotta_ok-36x36.jpg 36w, https:\/\/www.montevento.net\/wp-content\/uploads\/2017\/10\/isotta_ok-120x120.jpg 120w, https:\/\/www.montevento.net\/wp-content\/uploads\/2017\/10\/isotta_ok-450x450.jpg 450w\" sizes=\"auto, (max-width: 180px) 100vw, 180px\" title=\"\"><\/div><div class='avia-testimonial-meta-mini'  itemprop=\"author\" itemscope=\"itemscope\" itemtype=\"https:\/\/schema.org\/Person\" ><strong  class='avia-testimonial-name'  itemprop=\"name\" >Anna<\/strong><span  class='avia-testimonial-subtitle '  itemprop=\"jobTitle\" >Zorzella<\/span><\/div><\/div><\/div><\/div>\n<div class='avia-testimonial av-b35aj6-87d8839f6bfc0955f4dfde80747d4a57 avia-testimonial-row-1 flex_column no_margin av_one_half'><div class='avia-testimonial_inner'  itemscope=\"itemscope\" itemtype=\"https:\/\/schema.org\/CreativeWork\" ><div class='avia-testimonial-content '><div class='avia-testimonial-markup-entry-content'  itemprop=\"text\" ><p>Abbiamo avuto il piacere di avere un terranova bianco e nero, maschio, era molto bello, enorme, mansueto, tutti gli volevano bene. Non ha mai avuto un problema veterinario, veramente una bella esperienza.<\/p>\n<\/div><\/div><div class=\"avia-testimonial-meta\"><div class=\"avia-testimonial-arrow-wrap\"><div class=\"avia-arrow\"><\/div><\/div><div class='avia-testimonial-image'  itemprop=\"image\" ><img loading=\"lazy\" decoding=\"async\" width=\"180\" height=\"180\" src=\"https:\/\/www.montevento.net\/wp-content\/uploads\/2017\/10\/anastasia_ok-180x180.jpg\" class=\"attachment-square size-square\" alt=\"Montevento\u2019s Anastasia\" srcset=\"https:\/\/www.montevento.net\/wp-content\/uploads\/2017\/10\/anastasia_ok-180x180.jpg 180w, https:\/\/www.montevento.net\/wp-content\/uploads\/2017\/10\/anastasia_ok-80x80.jpg 80w, https:\/\/www.montevento.net\/wp-content\/uploads\/2017\/10\/anastasia_ok-36x36.jpg 36w, https:\/\/www.montevento.net\/wp-content\/uploads\/2017\/10\/anastasia_ok-120x120.jpg 120w, https:\/\/www.montevento.net\/wp-content\/uploads\/2017\/10\/anastasia_ok-450x450.jpg 450w\" sizes=\"auto, (max-width: 180px) 100vw, 180px\" title=\"\"><\/div><div class='avia-testimonial-meta-mini'  itemprop=\"author\" itemscope=\"itemscope\" itemtype=\"https:\/\/schema.org\/Person\" ><strong  class='avia-testimonial-name'  itemprop=\"name\" >Giuseppe<\/strong><span  class='avia-testimonial-subtitle '  itemprop=\"jobTitle\" >Zanetti<\/span><\/div><\/div><\/div><\/div>\n<div class='avia-testimonial av-9s66wi-b5edf46c0ed0723f06ef187eacfa8ee6 avia-testimonial-row-1 flex_column no_margin av_one_half'><div class='avia-testimonial_inner'  itemscope=\"itemscope\" itemtype=\"https:\/\/schema.org\/CreativeWork\" ><div class='avia-testimonial-content '><div class='avia-testimonial-markup-entry-content'  itemprop=\"text\" ><p>Allevamento Bovaro del Bernese splendido. Cristina \u00e8 una persona molto competente nel suo lavoro e ci mette amore e passione, curando la selezione del Bovaro del Bernese.\u00a0Cani selezionati per avere il massimo splendore di questa razza, io ho preso il mio No\u00e9 4 anni fa e sono molto contento, cane splendido ed ad oggi mi sento e vengo seguito dalla mia allevatrice per eventuali consigli. Lo consiglio vivamente a tutti, non ve ne pentirete!<\/p>\n<\/div><\/div><div class=\"avia-testimonial-meta\"><div class=\"avia-testimonial-arrow-wrap\"><div class=\"avia-arrow\"><\/div><\/div><div class='avia-testimonial-image'  itemprop=\"image\" ><img loading=\"lazy\" decoding=\"async\" width=\"180\" height=\"180\" src=\"https:\/\/www.montevento.net\/wp-content\/uploads\/2017\/10\/agrippa1-180x180.jpg\" class=\"attachment-square size-square\" alt=\"Montevento\u2019s Quo Vadis\" srcset=\"https:\/\/www.montevento.net\/wp-content\/uploads\/2017\/10\/agrippa1-180x180.jpg 180w, https:\/\/www.montevento.net\/wp-content\/uploads\/2017\/10\/agrippa1-80x80.jpg 80w, https:\/\/www.montevento.net\/wp-content\/uploads\/2017\/10\/agrippa1-36x36.jpg 36w, https:\/\/www.montevento.net\/wp-content\/uploads\/2017\/10\/agrippa1-120x120.jpg 120w, https:\/\/www.montevento.net\/wp-content\/uploads\/2017\/10\/agrippa1-450x450.jpg 450w\" sizes=\"auto, (max-width: 180px) 100vw, 180px\" title=\"\"><\/div><div class='avia-testimonial-meta-mini'  itemprop=\"author\" itemscope=\"itemscope\" itemtype=\"https:\/\/schema.org\/Person\" ><strong  class='avia-testimonial-name'  itemprop=\"name\" >Matteo<\/strong><span  class='avia-testimonial-subtitle '  itemprop=\"jobTitle\" >Bottazzini<\/span><\/div><\/div><\/div><\/div>\n<div class='avia-testimonial av-6ykcsy-7980d8f2b550ce6bbdb89312dad7e008 avia-testimonial-row-1 flex_column no_margin av_one_half'><div class='avia-testimonial_inner'  itemscope=\"itemscope\" itemtype=\"https:\/\/schema.org\/CreativeWork\" ><div class='avia-testimonial-content '><div class='avia-testimonial-markup-entry-content'  itemprop=\"text\" ><p>Sono diversi anni che conosco l&#8217;allevamento e la primavera scorsa ho acquistato una bellissima cucciola di Terranova! Lo consiglio per la seriet\u00e0 dell&#8217;allevatrice ottimo anche come vengono tenuti i cani ben puliti e spazio per correre!<\/p>\n<\/div><\/div><div class=\"avia-testimonial-meta\"><div class=\"avia-testimonial-arrow-wrap\"><div class=\"avia-arrow\"><\/div><\/div><div class='avia-testimonial-image'  itemprop=\"image\" ><img loading=\"lazy\" decoding=\"async\" width=\"180\" height=\"180\" src=\"https:\/\/www.montevento.net\/wp-content\/uploads\/2017\/12\/cuccioli-terranova-nero-180x180.jpg\" class=\"attachment-square size-square\" alt=\"Cucciolo di Terranova Montevento\" srcset=\"https:\/\/www.montevento.net\/wp-content\/uploads\/2017\/12\/cuccioli-terranova-nero-180x180.jpg 180w, https:\/\/www.montevento.net\/wp-content\/uploads\/2017\/12\/cuccioli-terranova-nero-80x80.jpg 80w, https:\/\/www.montevento.net\/wp-content\/uploads\/2017\/12\/cuccioli-terranova-nero-36x36.jpg 36w, https:\/\/www.montevento.net\/wp-content\/uploads\/2017\/12\/cuccioli-terranova-nero-120x120.jpg 120w, https:\/\/www.montevento.net\/wp-content\/uploads\/2017\/12\/cuccioli-terranova-nero-450x450.jpg 450w\" sizes=\"auto, (max-width: 180px) 100vw, 180px\" title=\"\"><\/div><div class='avia-testimonial-meta-mini'  itemprop=\"author\" itemscope=\"itemscope\" itemtype=\"https:\/\/schema.org\/Person\" ><strong  class='avia-testimonial-name'  itemprop=\"name\" >Monica<\/strong><span  class='avia-testimonial-subtitle '  itemprop=\"jobTitle\" >Tibaldi<\/span><\/div><\/div><\/div><\/div>\n<div class='avia-testimonial av-6m4e9e-38a7e6d5c756317175ea43c0c4ed1fc7 avia-testimonial-row-1 flex_column no_margin av_one_half'><div class='avia-testimonial_inner'  itemscope=\"itemscope\" itemtype=\"https:\/\/schema.org\/CreativeWork\" ><div class='avia-testimonial-content '><div class='avia-testimonial-markup-entry-content'  itemprop=\"text\" ><p>Ho acquistato un bovaro del bernese maschio di un anno e mezzo in giugno del 2017, il cane ci \u00e8 stato dato con tutte le vaccinazioni gi\u00e0 fatte e anche le radiografie eseguite. L&#8217;allevamento mi \u00e8 piaciuto, la titolare, dottoressa Cristina, cordiale e disponibile a qualsivoglia aiuto o consiglio anche dopo l&#8217;acquisto, inoltre ci ha dato in affido una femmina di bovaro del bernese che fa compagnia all&#8217;altro. Per chi fosse interessato all&#8217;acquisto di un bovaro del bernese o di un Terranova lo consiglio sicuramente.<\/p>\n<\/div><\/div><div class=\"avia-testimonial-meta\"><div class=\"avia-testimonial-arrow-wrap\"><div class=\"avia-arrow\"><\/div><\/div><div class='avia-testimonial-image'  itemprop=\"image\" ><img loading=\"lazy\" decoding=\"async\" width=\"180\" height=\"180\" src=\"https:\/\/www.montevento.net\/wp-content\/uploads\/2017\/09\/bovaro-del-bernese-180x180.jpg\" class=\"attachment-square size-square\" alt=\"Allevamento Bovaro del Bernese\" srcset=\"https:\/\/www.montevento.net\/wp-content\/uploads\/2017\/09\/bovaro-del-bernese-180x180.jpg 180w, https:\/\/www.montevento.net\/wp-content\/uploads\/2017\/09\/bovaro-del-bernese-80x80.jpg 80w, https:\/\/www.montevento.net\/wp-content\/uploads\/2017\/09\/bovaro-del-bernese-36x36.jpg 36w, https:\/\/www.montevento.net\/wp-content\/uploads\/2017\/09\/bovaro-del-bernese-120x120.jpg 120w, https:\/\/www.montevento.net\/wp-content\/uploads\/2017\/09\/bovaro-del-bernese-450x450.jpg 450w\" sizes=\"auto, (max-width: 180px) 100vw, 180px\" title=\"\"><\/div><div class='avia-testimonial-meta-mini'  itemprop=\"author\" itemscope=\"itemscope\" itemtype=\"https:\/\/schema.org\/Person\" ><strong  class='avia-testimonial-name'  itemprop=\"name\" >Alberto<\/strong><span  class='avia-testimonial-subtitle '  itemprop=\"jobTitle\" >Biancardi<\/span><\/div><\/div><\/div><\/div>\n<\/section><div class='avia-slideshow-arrows avia-slideshow-controls' ><a href='#prev' class='prev-slide  avia-svg-icon avia-font-svg_entypo-fontello' data-av_svg_icon='left-open-big' data-av_iconset='svg_entypo-fontello' tabindex='-1' title=\"Previous\"><svg version=\"1.1\" xmlns=\"http:\/\/www.w3.org\/2000\/svg\" width=\"15\" height=\"32\" viewBox=\"0 0 15 32\" preserveAspectRatio=\"xMidYMid meet\" aria-labelledby='av-svg-title-1' aria-describedby='av-svg-desc-1' role=\"graphics-symbol\" aria-hidden=\"true\">\n<title id='av-svg-title-1'>Previous<\/title>\n<desc id='av-svg-desc-1'>Previous<\/desc>\n<path d=\"M14.464 27.84q0.832 0.832 0 1.536-0.832 0.832-1.536 0l-12.544-12.608q-0.768-0.768 0-1.6l12.544-12.608q0.704-0.832 1.536 0 0.832 0.704 0 1.536l-11.456 11.904z\"><\/path>\n<\/svg><span class='avia_hidden_link_text'>Previous<\/span><\/a><a href='#next' class='next-slide  avia-svg-icon avia-font-svg_entypo-fontello' data-av_svg_icon='right-open-big' data-av_iconset='svg_entypo-fontello' tabindex='-1' title=\"Next\"><svg version=\"1.1\" xmlns=\"http:\/\/www.w3.org\/2000\/svg\" width=\"15\" height=\"32\" viewBox=\"0 0 15 32\" preserveAspectRatio=\"xMidYMid meet\" aria-labelledby='av-svg-title-2' aria-describedby='av-svg-desc-2' role=\"graphics-symbol\" aria-hidden=\"true\">\n<title id='av-svg-title-2'>Next<\/title>\n<desc id='av-svg-desc-2'>Next<\/desc>\n<path d=\"M0.416 27.84l11.456-11.84-11.456-11.904q-0.832-0.832 0-1.536 0.832-0.832 1.536 0l12.544 12.608q0.768 0.832 0 1.6l-12.544 12.608q-0.704 0.832-1.536 0-0.832-0.704 0-1.536z\"><\/path>\n<\/svg><span class='avia_hidden_link_text'>Next<\/span><\/a><\/div><\/div><\/p><\/div><\/div><!--close column table wrapper. Autoclose: 1 --><\/p>\n<\/div><\/div><\/div><!-- close content main div --><\/div><\/div><div id='av_section_2'  class='avia-section av-44c0iq-e6946e22637231ed5def788cb967ba8f main_color avia-section-default avia-no-border-styling  avia-builder-el-14  el_after_av_three_fifth  avia-builder-el-last  avia-bg-style-scroll container_wrap sidebar_right'  ><div class='container av-section-cont-open' ><div class='template-page content  av-content-small alpha units'><div class='post-entry post-entry-type-page post-entry-4402'><div class='entry-content-wrapper clearfix'>\n<div id='av-masonry-1' class='av-masonry av-2w7kvm-e7fef2ddf6865841c2cdf9be90bb6ee0 noHover av-fixed-size av-1px-gap av-hover-overlay-active av-masonry-animation-active av-masonry-col-6 av-caption-always av-caption-style- av-masonry-gallery ' data-post_id=\"4402\"><div class=\"av-masonry-container isotope av-js-disabled\"><div class='av-masonry-entry isotope-item av-masonry-item-no-image '><\/div><a href=\"https:\/\/www.montevento.net\/wp-content\/uploads\/2013\/04\/cuccioli-bovaro-terranova.jpeg\"  aria-label=\"image cuccioli-bovaro-terranova\"  id='av-masonry-1-item-4365' data-av-masonry-item='4365' class='av-masonry-entry isotope-item post-4365 attachment type-attachment status-inherit hentry  av-masonry-item-with-image' title=\"cuccioli-bovaro-terranova\" alt=\"\"    itemprop=\"thumbnailUrl\" ><div class='av-inner-masonry-sizer'><\/div><figure class='av-inner-masonry main_color'><div class=\"av-masonry-outerimage-container\"><div class='av-masonry-image-container' style=\"background-image: url(https:\/\/www.montevento.net\/wp-content\/uploads\/2013\/04\/cuccioli-bovaro-terranova.jpeg);\"  title=\"cuccioli-bovaro-terranova\" ><\/div><\/div><\/figure><\/a><!--end av-masonry entry--><a href=\"https:\/\/www.montevento.net\/wp-content\/uploads\/2013\/04\/1.jpg\" data-srcset=\"https:\/\/www.montevento.net\/wp-content\/uploads\/2013\/04\/1.jpg 1024w, https:\/\/www.montevento.net\/wp-content\/uploads\/2013\/04\/1-300x225.jpg 300w, https:\/\/www.montevento.net\/wp-content\/uploads\/2013\/04\/1-768x576.jpg 768w, https:\/\/www.montevento.net\/wp-content\/uploads\/2013\/04\/1-705x529.jpg 705w, https:\/\/www.montevento.net\/wp-content\/uploads\/2013\/04\/1-450x338.jpg 450w\" data-sizes=\"(max-width: 1024px) 100vw, 1024px\"  aria-label=\"image 1\"  id='av-masonry-1-item-4366' data-av-masonry-item='4366' class='av-masonry-entry isotope-item post-4366 attachment type-attachment status-inherit hentry  av-masonry-item-with-image' title=\"1\" alt=\"\"    itemprop=\"thumbnailUrl\" ><div class='av-inner-masonry-sizer'><\/div><figure class='av-inner-masonry main_color'><div class=\"av-masonry-outerimage-container\"><div class='av-masonry-image-container' style=\"background-image: url(https:\/\/www.montevento.net\/wp-content\/uploads\/2013\/04\/1-705x529.jpg);\"  title=\"1\" ><\/div><\/div><\/figure><\/a><!--end av-masonry entry--><a href=\"https:\/\/www.montevento.net\/wp-content\/uploads\/2013\/04\/2.jpg\" data-srcset=\"https:\/\/www.montevento.net\/wp-content\/uploads\/2013\/04\/2.jpg 1024w, https:\/\/www.montevento.net\/wp-content\/uploads\/2013\/04\/2-300x225.jpg 300w, https:\/\/www.montevento.net\/wp-content\/uploads\/2013\/04\/2-768x576.jpg 768w, https:\/\/www.montevento.net\/wp-content\/uploads\/2013\/04\/2-705x529.jpg 705w, https:\/\/www.montevento.net\/wp-content\/uploads\/2013\/04\/2-450x338.jpg 450w\" data-sizes=\"(max-width: 1024px) 100vw, 1024px\"  aria-label=\"image La scelta dell&#8217;allevamento giusto\"  id='av-masonry-1-item-4367' data-av-masonry-item='4367' class='av-masonry-entry isotope-item post-4367 attachment type-attachment status-inherit hentry  av-masonry-item-with-image' title=\"La scelta dell&#8217;allevamento giusto\" alt=\"\"    itemprop=\"thumbnailUrl\" ><div class='av-inner-masonry-sizer'><\/div><figure class='av-inner-masonry main_color'><div class=\"av-masonry-outerimage-container\"><div class='av-masonry-image-container' style=\"background-image: url(https:\/\/www.montevento.net\/wp-content\/uploads\/2013\/04\/2-705x529.jpg);\"  title=\"La scelta dell&#8217;allevamento giusto\" ><\/div><\/div><\/figure><\/a><!--end av-masonry entry--><a href=\"https:\/\/www.montevento.net\/wp-content\/uploads\/2013\/04\/3.jpg\" data-srcset=\"https:\/\/www.montevento.net\/wp-content\/uploads\/2013\/04\/3.jpg 1024w, https:\/\/www.montevento.net\/wp-content\/uploads\/2013\/04\/3-300x225.jpg 300w, https:\/\/www.montevento.net\/wp-content\/uploads\/2013\/04\/3-768x576.jpg 768w, https:\/\/www.montevento.net\/wp-content\/uploads\/2013\/04\/3-705x529.jpg 705w, https:\/\/www.montevento.net\/wp-content\/uploads\/2013\/04\/3-450x338.jpg 450w\" data-sizes=\"(max-width: 1024px) 100vw, 1024px\"  aria-label=\"image 3\"  id='av-masonry-1-item-4368' data-av-masonry-item='4368' class='av-masonry-entry isotope-item post-4368 attachment type-attachment status-inherit hentry  av-masonry-item-with-image' title=\"3\" alt=\"\"    itemprop=\"thumbnailUrl\" ><div class='av-inner-masonry-sizer'><\/div><figure class='av-inner-masonry main_color'><div class=\"av-masonry-outerimage-container\"><div class='av-masonry-image-container' style=\"background-image: url(https:\/\/www.montevento.net\/wp-content\/uploads\/2013\/04\/3-705x529.jpg);\"  title=\"3\" ><\/div><\/div><\/figure><\/a><!--end av-masonry entry--><a href=\"https:\/\/www.montevento.net\/wp-content\/uploads\/2013\/04\/5.jpg\" data-srcset=\"https:\/\/www.montevento.net\/wp-content\/uploads\/2013\/04\/5.jpg 1024w, https:\/\/www.montevento.net\/wp-content\/uploads\/2013\/04\/5-300x225.jpg 300w, https:\/\/www.montevento.net\/wp-content\/uploads\/2013\/04\/5-768x576.jpg 768w, https:\/\/www.montevento.net\/wp-content\/uploads\/2013\/04\/5-705x529.jpg 705w, https:\/\/www.montevento.net\/wp-content\/uploads\/2013\/04\/5-450x338.jpg 450w\" data-sizes=\"(max-width: 1024px) 100vw, 1024px\"  aria-label=\"image 5\"  id='av-masonry-1-item-4369' data-av-masonry-item='4369' class='av-masonry-entry isotope-item post-4369 attachment type-attachment status-inherit hentry  av-masonry-item-with-image' title=\"5\" alt=\"\"    itemprop=\"thumbnailUrl\" ><div class='av-inner-masonry-sizer'><\/div><figure class='av-inner-masonry main_color'><div class=\"av-masonry-outerimage-container\"><div class='av-masonry-image-container' style=\"background-image: url(https:\/\/www.montevento.net\/wp-content\/uploads\/2013\/04\/5-705x529.jpg);\"  title=\"5\" ><\/div><\/div><\/figure><\/a><!--end av-masonry entry--><a href=\"https:\/\/www.montevento.net\/wp-content\/uploads\/2013\/04\/6.jpg\" data-srcset=\"https:\/\/www.montevento.net\/wp-content\/uploads\/2013\/04\/6.jpg 1024w, https:\/\/www.montevento.net\/wp-content\/uploads\/2013\/04\/6-300x225.jpg 300w, https:\/\/www.montevento.net\/wp-content\/uploads\/2013\/04\/6-768x576.jpg 768w, https:\/\/www.montevento.net\/wp-content\/uploads\/2013\/04\/6-705x529.jpg 705w, https:\/\/www.montevento.net\/wp-content\/uploads\/2013\/04\/6-450x338.jpg 450w\" data-sizes=\"(max-width: 1024px) 100vw, 1024px\"  aria-label=\"image 6\"  id='av-masonry-1-item-4357' data-av-masonry-item='4357' class='av-masonry-entry isotope-item post-4357 attachment type-attachment status-inherit hentry  av-masonry-item-with-image' title=\"6\" alt=\"Bovaro del bernese - Allevamento Montevento\"    itemprop=\"thumbnailUrl\" ><div class='av-inner-masonry-sizer'><\/div><figure class='av-inner-masonry main_color'><div class=\"av-masonry-outerimage-container\"><div class='av-masonry-image-container' style=\"background-image: url(https:\/\/www.montevento.net\/wp-content\/uploads\/2013\/04\/6-705x529.jpg);\"  title=\"6\" ><\/div><\/div><\/figure><\/a><!--end av-masonry entry--><a href=\"https:\/\/www.montevento.net\/wp-content\/uploads\/2013\/04\/7.jpg\" data-srcset=\"https:\/\/www.montevento.net\/wp-content\/uploads\/2013\/04\/7.jpg 1024w, https:\/\/www.montevento.net\/wp-content\/uploads\/2013\/04\/7-300x225.jpg 300w, https:\/\/www.montevento.net\/wp-content\/uploads\/2013\/04\/7-768x576.jpg 768w, https:\/\/www.montevento.net\/wp-content\/uploads\/2013\/04\/7-705x529.jpg 705w, https:\/\/www.montevento.net\/wp-content\/uploads\/2013\/04\/7-450x338.jpg 450w\" data-sizes=\"(max-width: 1024px) 100vw, 1024px\"  aria-label=\"image Bovaro del bernese &#8211; Allevamento Montevento\"  id='av-masonry-1-item-4355' data-av-masonry-item='4355' class='av-masonry-entry isotope-item post-4355 attachment type-attachment status-inherit hentry  av-masonry-item-with-image' title=\"Bovaro del bernese &#8211; Allevamento Montevento\" alt=\"Bovaro del bernese - Allevamento Montevento\"    itemprop=\"thumbnailUrl\" ><div class='av-inner-masonry-sizer'><\/div><figure class='av-inner-masonry main_color'><div class=\"av-masonry-outerimage-container\"><div class='av-masonry-image-container' style=\"background-image: url(https:\/\/www.montevento.net\/wp-content\/uploads\/2013\/04\/7-705x529.jpg);\"  title=\"Bovaro del bernese &#8211; Allevamento Montevento\" ><\/div><\/div><\/figure><\/a><!--end av-masonry entry--><a href=\"https:\/\/www.montevento.net\/wp-content\/uploads\/2013\/04\/8.jpg\" data-srcset=\"https:\/\/www.montevento.net\/wp-content\/uploads\/2013\/04\/8.jpg 1024w, https:\/\/www.montevento.net\/wp-content\/uploads\/2013\/04\/8-300x225.jpg 300w, https:\/\/www.montevento.net\/wp-content\/uploads\/2013\/04\/8-768x576.jpg 768w, https:\/\/www.montevento.net\/wp-content\/uploads\/2013\/04\/8-705x529.jpg 705w, https:\/\/www.montevento.net\/wp-content\/uploads\/2013\/04\/8-450x338.jpg 450w\" data-sizes=\"(max-width: 1024px) 100vw, 1024px\"  aria-label=\"image 8\"  id='av-masonry-1-item-4356' data-av-masonry-item='4356' class='av-masonry-entry isotope-item post-4356 attachment type-attachment status-inherit hentry  av-masonry-item-with-image' title=\"8\" alt=\"Bovaro del bernese - Allevamento Montevento\"    itemprop=\"thumbnailUrl\" ><div class='av-inner-masonry-sizer'><\/div><figure class='av-inner-masonry main_color'><div class=\"av-masonry-outerimage-container\"><div class='av-masonry-image-container' style=\"background-image: url(https:\/\/www.montevento.net\/wp-content\/uploads\/2013\/04\/8-705x529.jpg);\"  title=\"8\" ><\/div><\/div><\/figure><\/a><!--end av-masonry entry--><a href=\"https:\/\/www.montevento.net\/wp-content\/uploads\/2013\/04\/9.jpg\" data-srcset=\"https:\/\/www.montevento.net\/wp-content\/uploads\/2013\/04\/9.jpg 1024w, https:\/\/www.montevento.net\/wp-content\/uploads\/2013\/04\/9-300x225.jpg 300w, https:\/\/www.montevento.net\/wp-content\/uploads\/2013\/04\/9-768x576.jpg 768w, https:\/\/www.montevento.net\/wp-content\/uploads\/2013\/04\/9-705x529.jpg 705w, https:\/\/www.montevento.net\/wp-content\/uploads\/2013\/04\/9-450x338.jpg 450w\" data-sizes=\"(max-width: 1024px) 100vw, 1024px\"  aria-label=\"image Bovaro del Bernese: un custode tuttofare\"  id='av-masonry-1-item-4361' data-av-masonry-item='4361' class='av-masonry-entry isotope-item post-4361 attachment type-attachment status-inherit hentry  av-masonry-item-with-image' title=\"Bovaro del Bernese: un custode tuttofare\" alt=\"Bovaro del Bernese: un custode tuttofare\"    itemprop=\"thumbnailUrl\" ><div class='av-inner-masonry-sizer'><\/div><figure class='av-inner-masonry main_color'><div class=\"av-masonry-outerimage-container\"><div class='av-masonry-image-container' style=\"background-image: url(https:\/\/www.montevento.net\/wp-content\/uploads\/2013\/04\/9-705x529.jpg);\"  title=\"Bovaro del Bernese: un custode tuttofare\" ><\/div><\/div><\/figure><\/a><!--end av-masonry entry--><a href=\"https:\/\/www.montevento.net\/wp-content\/uploads\/2013\/04\/10.jpg\" data-srcset=\"https:\/\/www.montevento.net\/wp-content\/uploads\/2013\/04\/10.jpg 1024w, https:\/\/www.montevento.net\/wp-content\/uploads\/2013\/04\/10-300x225.jpg 300w, https:\/\/www.montevento.net\/wp-content\/uploads\/2013\/04\/10-768x576.jpg 768w, https:\/\/www.montevento.net\/wp-content\/uploads\/2013\/04\/10-705x529.jpg 705w, https:\/\/www.montevento.net\/wp-content\/uploads\/2013\/04\/10-450x338.jpg 450w\" data-sizes=\"(max-width: 1024px) 100vw, 1024px\"  aria-label=\"image 10\"  id='av-masonry-1-item-4370' data-av-masonry-item='4370' class='av-masonry-entry isotope-item post-4370 attachment type-attachment status-inherit hentry  av-masonry-item-with-image' title=\"10\" alt=\"Bovaro del Bernese Montevento\"    itemprop=\"thumbnailUrl\" ><div class='av-inner-masonry-sizer'><\/div><figure class='av-inner-masonry main_color'><div class=\"av-masonry-outerimage-container\"><div class='av-masonry-image-container' style=\"background-image: url(https:\/\/www.montevento.net\/wp-content\/uploads\/2013\/04\/10-705x529.jpg);\"  title=\"10\" ><\/div><\/div><\/figure><\/a><!--end av-masonry entry--><a href=\"https:\/\/www.montevento.net\/wp-content\/uploads\/2013\/04\/11.jpg\" data-srcset=\"https:\/\/www.montevento.net\/wp-content\/uploads\/2013\/04\/11.jpg 1024w, https:\/\/www.montevento.net\/wp-content\/uploads\/2013\/04\/11-300x225.jpg 300w, https:\/\/www.montevento.net\/wp-content\/uploads\/2013\/04\/11-768x576.jpg 768w, https:\/\/www.montevento.net\/wp-content\/uploads\/2013\/04\/11-705x529.jpg 705w, https:\/\/www.montevento.net\/wp-content\/uploads\/2013\/04\/11-450x338.jpg 450w\" data-sizes=\"(max-width: 1024px) 100vw, 1024px\"  aria-label=\"image 11\"  id='av-masonry-1-item-4371' data-av-masonry-item='4371' class='av-masonry-entry isotope-item post-4371 attachment type-attachment status-inherit hentry  av-masonry-item-with-image' title=\"11\" alt=\"Bovaro del Bernese Montevento\"    itemprop=\"thumbnailUrl\" ><div class='av-inner-masonry-sizer'><\/div><figure class='av-inner-masonry main_color'><div class=\"av-masonry-outerimage-container\"><div class='av-masonry-image-container' style=\"background-image: url(https:\/\/www.montevento.net\/wp-content\/uploads\/2013\/04\/11-705x529.jpg);\"  title=\"11\" ><\/div><\/div><\/figure><\/a><!--end av-masonry entry--><a href=\"https:\/\/www.montevento.net\/wp-content\/uploads\/2013\/04\/12.jpg\" data-srcset=\"https:\/\/www.montevento.net\/wp-content\/uploads\/2013\/04\/12.jpg 1024w, https:\/\/www.montevento.net\/wp-content\/uploads\/2013\/04\/12-300x225.jpg 300w, https:\/\/www.montevento.net\/wp-content\/uploads\/2013\/04\/12-768x576.jpg 768w, https:\/\/www.montevento.net\/wp-content\/uploads\/2013\/04\/12-705x529.jpg 705w, https:\/\/www.montevento.net\/wp-content\/uploads\/2013\/04\/12-450x338.jpg 450w\" data-sizes=\"(max-width: 1024px) 100vw, 1024px\"  aria-label=\"image 12\"  id='av-masonry-1-item-4372' data-av-masonry-item='4372' class='av-masonry-entry isotope-item post-4372 attachment type-attachment status-inherit hentry  av-masonry-item-with-image' title=\"12\" alt=\"Bovaro del Bernese Montevento\"    itemprop=\"thumbnailUrl\" ><div class='av-inner-masonry-sizer'><\/div><figure class='av-inner-masonry main_color'><div class=\"av-masonry-outerimage-container\"><div class='av-masonry-image-container' style=\"background-image: url(https:\/\/www.montevento.net\/wp-content\/uploads\/2013\/04\/12-705x529.jpg);\"  title=\"12\" ><\/div><\/div><\/figure><\/a><!--end av-masonry entry--><\/div><\/div>\n<\/div><\/div><\/div><!-- close content main div --><\/div><\/div><div id='after_section_2'  class='main_color av_default_container_wrap container_wrap sidebar_right'  ><div class='container av-section-cont-open' ><div class='template-page content  av-content-small alpha units'><div class='post-entry post-entry-type-page post-entry-4402'><div class='entry-content-wrapper clearfix'>\n","protected":false},"excerpt":{"rendered":"","protected":false},"author":2,"featured_media":0,"parent":0,"menu_order":0,"comment_status":"closed","ping_status":"closed","template":"","meta":{"footnotes":""},"class_list":["post-4402","page","type-page","status-publish","hentry"],"_links":{"self":[{"href":"https:\/\/www.montevento.net\/en\/wp-json\/wp\/v2\/pages\/4402\/"}],"collection":[{"href":"https:\/\/www.montevento.net\/en\/wp-json\/wp\/v2\/pages\/"}],"about":[{"href":"https:\/\/www.montevento.net\/en\/wp-json\/wp\/v2\/types\/page\/"}],"author":[{"embeddable":true,"href":"https:\/\/www.montevento.net\/en\/wp-json\/wp\/v2\/users\/2\/"}],"replies":[{"embeddable":true,"href":"https:\/\/www.montevento.net\/en\/wp-json\/wp\/v2\/comments\/?post=4402"}],"version-history":[{"count":0,"href":"https:\/\/www.montevento.net\/en\/wp-json\/wp\/v2\/pages\/4402\/revisions\/"}],"wp:attachment":[{"href":"https:\/\/www.montevento.net\/en\/wp-json\/wp\/v2\/media\/?parent=4402"}],"curies":[{"name":"wp","href":"https:\/\/api.w.org\/{rel}","templated":true}]}}